{"id":104,"date":"2022-01-18T20:24:49","date_gmt":"2022-01-18T20:24:49","guid":{"rendered":"http:\/\/edufis.ubiobio.cl\/?page_id=104"},"modified":"2022-05-10T00:58:18","modified_gmt":"2022-05-10T00:58:18","slug":"estudiantes","status":"publish","type":"page","link":"https:\/\/edufis.ubiobio.cl\/index.php\/estudiantes\/","title":{"rendered":"Estudiantes"},"content":{"rendered":"\n<h4 class=\"wp-block-heading\">PERFIL DEL EGRESADO<\/h4>\n\n\n\n<p class=\"has-text-align-left\">El profesor de Educaci\u00f3n F\u00edsica de la Universidad del B\u00edo-B\u00edo, es un pedagogo capaz de liderar y emprender procesos de formaci\u00f3n humana, fomentado valores \u00e9tico-profesionales en cada acto educativo. Planifica, implementa y eval\u00faa programas de actividades motrices, considerando las caracter\u00edsticas contextuales de los diferentes espacios de intervenci\u00f3n profesional, aplicando acciones did\u00e1ctico-pedag\u00f3gicas propias de la disciplina. Demuestra capacidad para proponer soluciones a los problemas e innovar asumiendo los desaf\u00edos que el medio profesional le presenta en el \u00e1mbito de su especialidad, interactuando sistem\u00e1ticamente en la comunidad donde le corresponder\u00e1 desempe\u00f1arse, interviniendo con competencias en la promoci\u00f3n de la salud y en el desarrollo de actividades deportivas y recreativas, en la Educaci\u00f3n F\u00edsica escolar, extraescolar y comunitaria, abarcando el ciclo vital de la persona humana. Transfiere con pertinencia al quehacer pr\u00e1ctico, los dominios conceptuales, saberes cient\u00edficos y pedag\u00f3gicos actualizados de la Educaci\u00f3n F\u00edsica; a su vez, vivencia metodolog\u00edas inclusivas, considerando la diversidad motriz, intelectual y sociocultural de las personas.<\/p>\n\n\n\n<p><strong>CAMPO OCUPACIONAL<\/strong><\/p>\n\n\n\n<p>Podr\u00e1 desarrollar su labor en los establecimientos de educaci\u00f3n, servicios de salud, gimnasios, Instituto Nacional del Deporte, federaciones y clubes deportivos, centros tur\u00edsticos, y adem\u00e1s ejercicio libre de la profesi\u00f3n.<\/p>\n\n\n\n<div class=\"wp-block-siteorigin-panels-layout-block\"><div id=\"pl-104\"  class=\"panel-layout\" ><div id=\"pg-104-0\"  class=\"panel-grid panel-no-style\" ><div id=\"pgc-104-0-0\"  class=\"panel-grid-cell\" ><div id=\"panel-104-0-0-0\" class=\"so-panel widget widget_media_gallery panel-first-child panel-last-child\" data-index=\"0\" >\n\t\t<style type=\"text\/css\">\n\t\t\t#gallery-1 {\n\t\t\t\tmargin: auto;\n\t\t\t}\n\t\t\t#gallery-1 .gallery-item {\n\t\t\t\tfloat: left;\n\t\t\t\tmargin-top: 10px;\n\t\t\t\ttext-align: center;\n\t\t\t\twidth: 20%;\n\t\t\t}\n\t\t\t#gallery-1 img {\n\t\t\t\tborder: 2px solid #cfcfcf;\n\t\t\t}\n\t\t\t#gallery-1 .gallery-caption {\n\t\t\t\tmargin-left: 0;\n\t\t\t}\n\t\t\t\/* see gallery_shortcode() in wp-includes\/media.php *\/\n\t\t<\/style>\n\t\t<div id='gallery-1' class='gallery galleryid-0 gallery-columns-5 gallery-size-large'><dl class='gallery-item'>\n\t\t\t<dt class='gallery-icon landscape'>\n\t\t\t\t<a href='http:\/\/edufis.ubiobio.cl\/index.php\/estudiantes\/img_2174\/'><img loading=\"lazy\" decoding=\"async\" width=\"750\" height=\"563\" src=\"http:\/\/edufis.ubiobio.cl\/wp-content\/uploads\/2022\/05\/IMG_2174-1024x768.jpg\" class=\"attachment-large size-large\" alt=\"\" loading=\"lazy\" srcset=\"http:\/\/edufis.ubiobio.cl\/wp-content\/uploads\/2022\/05\/IMG_2174-1024x768.jpg 1024w, http:\/\/edufis.ubiobio.cl\/wp-content\/uploads\/2022\/05\/IMG_2174-300x225.jpg 300w, http:\/\/edufis.ubiobio.cl\/wp-content\/uploads\/2022\/05\/IMG_2174-768x576.jpg 768w, http:\/\/edufis.ubiobio.cl\/wp-content\/uploads\/2022\/05\/IMG_2174-1536x1152.jpg 1536w, http:\/\/edufis.ubiobio.cl\/wp-content\/uploads\/2022\/05\/IMG_2174-2048x1536.jpg 2048w\" sizes=\"auto, (max-width: 750px) 100vw, 750px\" \/><\/a>\n\t\t\t<\/dt><\/dl><dl class='gallery-item'>\n\t\t\t<dt class='gallery-icon landscape'>\n\t\t\t\t<a href='http:\/\/edufis.ubiobio.cl\/index.php\/estudiantes\/img_2192\/'><img loading=\"lazy\" decoding=\"async\" width=\"750\" height=\"563\" src=\"http:\/\/edufis.ubiobio.cl\/wp-content\/uploads\/2022\/05\/IMG_2192-1024x768.jpg\" class=\"attachment-large size-large\" alt=\"\" loading=\"lazy\" srcset=\"http:\/\/edufis.ubiobio.cl\/wp-content\/uploads\/2022\/05\/IMG_2192-1024x768.jpg 1024w, http:\/\/edufis.ubiobio.cl\/wp-content\/uploads\/2022\/05\/IMG_2192-300x225.jpg 300w, http:\/\/edufis.ubiobio.cl\/wp-content\/uploads\/2022\/05\/IMG_2192-768x576.jpg 768w, http:\/\/edufis.ubiobio.cl\/wp-content\/uploads\/2022\/05\/IMG_2192-1536x1152.jpg 1536w, http:\/\/edufis.ubiobio.cl\/wp-content\/uploads\/2022\/05\/IMG_2192-2048x1536.jpg 2048w\" sizes=\"auto, (max-width: 750px) 100vw, 750px\" \/><\/a>\n\t\t\t<\/dt><\/dl><dl class='gallery-item'>\n\t\t\t<dt class='gallery-icon landscape'>\n\t\t\t\t<a href='http:\/\/edufis.ubiobio.cl\/index.php\/estudiantes\/cam-001m-13\/'><img loading=\"lazy\" decoding=\"async\" width=\"750\" height=\"563\" src=\"http:\/\/edufis.ubiobio.cl\/wp-content\/uploads\/2022\/05\/cam-001m-13-1024x768.jpg\" class=\"attachment-large size-large\" alt=\"\" loading=\"lazy\" srcset=\"http:\/\/edufis.ubiobio.cl\/wp-content\/uploads\/2022\/05\/cam-001m-13-1024x768.jpg 1024w, http:\/\/edufis.ubiobio.cl\/wp-content\/uploads\/2022\/05\/cam-001m-13-300x225.jpg 300w, http:\/\/edufis.ubiobio.cl\/wp-content\/uploads\/2022\/05\/cam-001m-13-768x576.jpg 768w, http:\/\/edufis.ubiobio.cl\/wp-content\/uploads\/2022\/05\/cam-001m-13-1536x1152.jpg 1536w, http:\/\/edufis.ubiobio.cl\/wp-content\/uploads\/2022\/05\/cam-001m-13-2048x1536.jpg 2048w\" sizes=\"auto, (max-width: 750px) 100vw, 750px\" \/><\/a>\n\t\t\t<\/dt><\/dl><dl class='gallery-item'>\n\t\t\t<dt class='gallery-icon landscape'>\n\t\t\t\t<a href='http:\/\/edufis.ubiobio.cl\/index.php\/estudiantes\/cam-001m-61\/'><img loading=\"lazy\" decoding=\"async\" width=\"750\" height=\"563\" src=\"http:\/\/edufis.ubiobio.cl\/wp-content\/uploads\/2022\/05\/cam-001m-61-1024x768.jpg\" class=\"attachment-large size-large\" alt=\"\" loading=\"lazy\" srcset=\"http:\/\/edufis.ubiobio.cl\/wp-content\/uploads\/2022\/05\/cam-001m-61-1024x768.jpg 1024w, http:\/\/edufis.ubiobio.cl\/wp-content\/uploads\/2022\/05\/cam-001m-61-300x225.jpg 300w, http:\/\/edufis.ubiobio.cl\/wp-content\/uploads\/2022\/05\/cam-001m-61-768x576.jpg 768w, http:\/\/edufis.ubiobio.cl\/wp-content\/uploads\/2022\/05\/cam-001m-61-1536x1152.jpg 1536w, http:\/\/edufis.ubiobio.cl\/wp-content\/uploads\/2022\/05\/cam-001m-61-2048x1536.jpg 2048w\" sizes=\"auto, (max-width: 750px) 100vw, 750px\" \/><\/a>\n\t\t\t<\/dt><\/dl><dl class='gallery-item'>\n\t\t\t<dt class='gallery-icon landscape'>\n\t\t\t\t<a href='http:\/\/edufis.ubiobio.cl\/index.php\/estudiantes\/cam-001m-72\/'><img loading=\"lazy\" decoding=\"async\" width=\"750\" height=\"563\" src=\"http:\/\/edufis.ubiobio.cl\/wp-content\/uploads\/2022\/05\/cam-001m-72-1024x768.jpg\" class=\"attachment-large size-large\" alt=\"\" loading=\"lazy\" srcset=\"http:\/\/edufis.ubiobio.cl\/wp-content\/uploads\/2022\/05\/cam-001m-72-1024x768.jpg 1024w, http:\/\/edufis.ubiobio.cl\/wp-content\/uploads\/2022\/05\/cam-001m-72-300x225.jpg 300w, http:\/\/edufis.ubiobio.cl\/wp-content\/uploads\/2022\/05\/cam-001m-72-768x576.jpg 768w, http:\/\/edufis.ubiobio.cl\/wp-content\/uploads\/2022\/05\/cam-001m-72-1536x1152.jpg 1536w, http:\/\/edufis.ubiobio.cl\/wp-content\/uploads\/2022\/05\/cam-001m-72-2048x1536.jpg 2048w\" sizes=\"auto, (max-width: 750px) 100vw, 750px\" \/><\/a>\n\t\t\t<\/dt><\/dl><br style=\"clear: both\" \/><dl class='gallery-item'>\n\t\t\t<dt class='gallery-icon landscape'>\n\t\t\t\t<a href='http:\/\/edufis.ubiobio.cl\/index.php\/estudiantes\/cam-020j-12\/'><img loading=\"lazy\" decoding=\"async\" width=\"750\" height=\"563\" src=\"http:\/\/edufis.ubiobio.cl\/wp-content\/uploads\/2022\/05\/cam-020j-12-1024x768.jpg\" class=\"attachment-large size-large\" alt=\"\" loading=\"lazy\" srcset=\"http:\/\/edufis.ubiobio.cl\/wp-content\/uploads\/2022\/05\/cam-020j-12-1024x768.jpg 1024w, http:\/\/edufis.ubiobio.cl\/wp-content\/uploads\/2022\/05\/cam-020j-12-300x225.jpg 300w, http:\/\/edufis.ubiobio.cl\/wp-content\/uploads\/2022\/05\/cam-020j-12-768x576.jpg 768w, http:\/\/edufis.ubiobio.cl\/wp-content\/uploads\/2022\/05\/cam-020j-12-1536x1152.jpg 1536w, http:\/\/edufis.ubiobio.cl\/wp-content\/uploads\/2022\/05\/cam-020j-12-2048x1536.jpg 2048w\" sizes=\"auto, (max-width: 750px) 100vw, 750px\" \/><\/a>\n\t\t\t<\/dt><\/dl><dl class='gallery-item'>\n\t\t\t<dt class='gallery-icon landscape'>\n\t\t\t\t<a href='http:\/\/edufis.ubiobio.cl\/index.php\/estudiantes\/cam-027\/'><img loading=\"lazy\" decoding=\"async\" width=\"750\" height=\"563\" src=\"http:\/\/edufis.ubiobio.cl\/wp-content\/uploads\/2022\/05\/cam-027-1024x768.jpg\" class=\"attachment-large size-large\" alt=\"\" loading=\"lazy\" srcset=\"http:\/\/edufis.ubiobio.cl\/wp-content\/uploads\/2022\/05\/cam-027-1024x768.jpg 1024w, http:\/\/edufis.ubiobio.cl\/wp-content\/uploads\/2022\/05\/cam-027-300x225.jpg 300w, http:\/\/edufis.ubiobio.cl\/wp-content\/uploads\/2022\/05\/cam-027-768x576.jpg 768w, http:\/\/edufis.ubiobio.cl\/wp-content\/uploads\/2022\/05\/cam-027-1536x1152.jpg 1536w, http:\/\/edufis.ubiobio.cl\/wp-content\/uploads\/2022\/05\/cam-027-2048x1536.jpg 2048w\" sizes=\"auto, (max-width: 750px) 100vw, 750px\" \/><\/a>\n\t\t\t<\/dt><\/dl><dl class='gallery-item'>\n\t\t\t<dt class='gallery-icon landscape'>\n\t\t\t\t<a href='http:\/\/edufis.ubiobio.cl\/index.php\/estudiantes\/cam-157-2\/'><img loading=\"lazy\" decoding=\"async\" width=\"750\" height=\"563\" src=\"http:\/\/edufis.ubiobio.cl\/wp-content\/uploads\/2022\/05\/cam-157-1024x768.jpg\" class=\"attachment-large size-large\" alt=\"\" loading=\"lazy\" srcset=\"http:\/\/edufis.ubiobio.cl\/wp-content\/uploads\/2022\/05\/cam-157-1024x768.jpg 1024w, http:\/\/edufis.ubiobio.cl\/wp-content\/uploads\/2022\/05\/cam-157-300x225.jpg 300w, http:\/\/edufis.ubiobio.cl\/wp-content\/uploads\/2022\/05\/cam-157-768x576.jpg 768w, http:\/\/edufis.ubiobio.cl\/wp-content\/uploads\/2022\/05\/cam-157-1536x1152.jpg 1536w, http:\/\/edufis.ubiobio.cl\/wp-content\/uploads\/2022\/05\/cam-157-2048x1536.jpg 2048w\" sizes=\"auto, (max-width: 750px) 100vw, 750px\" \/><\/a>\n\t\t\t<\/dt><\/dl><dl class='gallery-item'>\n\t\t\t<dt class='gallery-icon landscape'>\n\t\t\t\t<a href='http:\/\/edufis.ubiobio.cl\/index.php\/estudiantes\/dsc02713\/'><img loading=\"lazy\" decoding=\"async\" width=\"750\" height=\"563\" src=\"http:\/\/edufis.ubiobio.cl\/wp-content\/uploads\/2022\/05\/DSC02713-1024x768.jpg\" class=\"attachment-large size-large\" alt=\"\" loading=\"lazy\" srcset=\"http:\/\/edufis.ubiobio.cl\/wp-content\/uploads\/2022\/05\/DSC02713-1024x768.jpg 1024w, http:\/\/edufis.ubiobio.cl\/wp-content\/uploads\/2022\/05\/DSC02713-300x225.jpg 300w, http:\/\/edufis.ubiobio.cl\/wp-content\/uploads\/2022\/05\/DSC02713-768x576.jpg 768w, http:\/\/edufis.ubiobio.cl\/wp-content\/uploads\/2022\/05\/DSC02713-1536x1152.jpg 1536w, http:\/\/edufis.ubiobio.cl\/wp-content\/uploads\/2022\/05\/DSC02713-2048x1536.jpg 2048w\" sizes=\"auto, (max-width: 750px) 100vw, 750px\" \/><\/a>\n\t\t\t<\/dt><\/dl>\n\t\t\t<br style='clear: both' \/>\n\t\t<\/div>\n<\/div><\/div><\/div><\/div><\/div>\n","protected":false},"excerpt":{"rendered":"<p>PERFIL DEL EGRESADO El profesor de Educaci\u00f3n F\u00edsica de la Universidad del B\u00edo-B\u00edo, es un pedagogo capaz de liderar y emprender procesos de formaci\u00f3n humana, fomentado valores \u00e9tico-profesionales en cada acto educativo. Planifica, implementa y eval\u00faa programas de actividades motrices, considerando las caracter\u00edsticas contextuales de los diferentes espacios de intervenci\u00f3n profesional, aplicando acciones did\u00e1ctico-pedag\u00f3gicas propias &hellip; <\/p>\n<p class=\"link-more\"><a href=\"https:\/\/edufis.ubiobio.cl\/index.php\/estudiantes\/\" class=\"more-link\">Read more<span class=\"screen-reader-text\"> &#8220;Estudiantes&#8221;<\/span><\/a><\/p>\n","protected":false},"author":1,"featured_media":154,"parent":0,"menu_order":0,"comment_status":"closed","ping_status":"closed","template":"","meta":{"_eb_attr":"","footnotes":""},"class_list":["post-104","page","type-page","status-publish","has-post-thumbnail","hentry"],"_links":{"self":[{"href":"https:\/\/edufis.ubiobio.cl\/index.php\/wp-json\/wp\/v2\/pages\/104","targetHints":{"allow":["GET"]}}],"collection":[{"href":"https:\/\/edufis.ubiobio.cl\/index.php\/wp-json\/wp\/v2\/pages"}],"about":[{"href":"https:\/\/edufis.ubiobio.cl\/index.php\/wp-json\/wp\/v2\/types\/page"}],"author":[{"embeddable":true,"href":"https:\/\/edufis.ubiobio.cl\/index.php\/wp-json\/wp\/v2\/users\/1"}],"replies":[{"embeddable":true,"href":"https:\/\/edufis.ubiobio.cl\/index.php\/wp-json\/wp\/v2\/comments?post=104"}],"version-history":[{"count":6,"href":"https:\/\/edufis.ubiobio.cl\/index.php\/wp-json\/wp\/v2\/pages\/104\/revisions"}],"predecessor-version":[{"id":381,"href":"https:\/\/edufis.ubiobio.cl\/index.php\/wp-json\/wp\/v2\/pages\/104\/revisions\/381"}],"wp:featuredmedia":[{"embeddable":true,"href":"https:\/\/edufis.ubiobio.cl\/index.php\/wp-json\/wp\/v2\/media\/154"}],"wp:attachment":[{"href":"https:\/\/edufis.ubiobio.cl\/index.php\/wp-json\/wp\/v2\/media?parent=104"}],"curies":[{"name":"wp","href":"https:\/\/api.w.org\/{rel}","templated":true}]}}